{"id":2210,"date":"2014-04-25T15:07:21","date_gmt":"2014-04-25T14:07:21","guid":{"rendered":"http:\/\/www.odysseemotion.com\/web\/?page_id=2210"},"modified":"2017-10-03T06:26:13","modified_gmt":"2017-10-03T05:26:13","slug":"conferences","status":"publish","type":"page","link":"https:\/\/www.odysseemotion.com\/web\/conferences\/","title":{"rendered":"Conf\u00e9rences"},"content":{"rendered":"<p><span style=\"font-size: 16px;\"><strong>L&rsquo;intelligence aura-t-elle la m\u00eame signification dans les prochaines d\u00e9cennies ? <\/strong> Notre QI a d\u00e9j\u00e0 \u00e9t\u00e9 devanc\u00e9 par le QE pour les cabinets de recrutement am\u00e9ricains. Les neurosciences red\u00e9finissent la carte dynamique de notre cerveau et des intelligences associ\u00e9es \u00e0 nos d\u00e9cisions, \u00e0 nos actes et \u00e0 nos communications. A travers ces conf\u00e9rences, l&rsquo;\u00e9cole tentera d&rsquo;expliquer les nouveaux enjeux de r\u00e9ussite professionnelle et d&rsquo;\u00e9panouissement personnel. Retrouvez nos deux ateliers et inscrivez-vous en ligne aux conf\u00e9rences :<\/span><\/p>\n<table id=\"table_border\" border=\"0\" width=\"100%\" align=\"left\">\n<tbody>\n<tr>\n<td style=\"width: 175px;\"><\/td>\n<td><\/td>\n<td><\/td>\n<\/tr>\n<tr>\n<td><a href=\"https:\/\/www.odysseemotion.com\/web\/conference-atelier-forum-104\/\"><img loading=\"lazy\" class=\"alignnone size-thumbnail wp-image-1934\" src=\"https:\/\/www.odysseemotion.com\/web\/wp-content\/uploads\/2014\/06\/forum_104.jpg\" alt=\"img_7\" width=\"150\" height=\"150\" \/><\/a><\/td>\n<td>\n<h2 style=\"text-align: left;\">Forum 104<\/h2>\n<p>Vous pourrez comprendre et participer \u00e0 une d\u00e9monstration sur l&rsquo;impact de l&rsquo;intelligence \u00e9motionnelle dans votre activit\u00e9.<br \/>\nParticipation : \u00e0 partir de 17\u20ac<br \/>\nLieu : Forum 104 &#8211; 104, rue de Vaugirard \u2013 75006 Paris<br \/>\nM\u00b0 St Placide ou Montparnasse<\/td>\n<td><a title=\"Conf\u00e9rence \u2013 Atelier Forum 104\" href=\"https:\/\/www.odysseemotion.com\/web\/conference-atelier-forum-104\/\"><strong><span style=\"text-decoration: underline; color: #ff6600;\">D\u00e9couvrir nos conf\u00e9rences<\/span><\/strong><\/a><\/td>\n<\/tr>\n<tr>\n<td><a href=\"http:\/\/groupes.iae-paris.org\/gene\/main.php?base=21&amp;id_agenda=&amp;day=22&amp;year=2014&amp;month=5#details_manif\" target=\"_blank\" rel=\"noopener\"><img loading=\"lazy\" class=\"alignnone size-thumbnail wp-image-1934\" src=\"https:\/\/www.odysseemotion.com\/web\/wp-content\/uploads\/2014\/06\/iae_paris.jpg\" alt=\"img_7\" width=\"150\" height=\"150\" \/><\/a><\/td>\n<td>\n<h2 style=\"text-align: left;\">IAE<\/h2>\n<p>Vous pourrez comprendre les enjeux de l\u2019intelligence \u00e9motionnelle dans votre activit\u00e9.<br \/>\nAssociation des Anciens El\u00e8ves de l&rsquo;IAE : 12 rue Antoine de Baif \u00a075013\u00a0Paris<br \/>\nM\u00e9tro : Biblioth\u00e8que Fran\u00e7ois Mitterand<\/td>\n<td><a title=\"Conf\u00e9rence \u2013 IAE\" href=\"http:\/\/groupes.iae-paris.org\/gene\/main.php?base=21&amp;id_agenda=&amp;day=22&amp;year=2014&amp;month=5#details_manif\" target=\"_blank\" rel=\"noopener\"><strong><span style=\"text-decoration: underline; color: #ff6600;\">D\u00e9couvrir nos conf\u00e9rences<\/span><\/strong><\/a><\/td>\n<\/tr>\n<tr>\n<td><a href=\"https:\/\/www.odysseemotion.com\/web\/cafe-ie\/\"><img loading=\"lazy\" class=\"alignnone size-thumbnail wp-image-1934\" src=\"https:\/\/www.odysseemotion.com\/web\/wp-content\/uploads\/2014\/06\/cafe_ie.jpg\" alt=\"img_7\" width=\"150\" height=\"150\" \/><\/a><\/td>\n<td>\n<h2 style=\"text-align: left;\">Caf\u00e9 IE<\/h2>\n<p>Le CAFE IAE vous attend dans un cadre sympathique et central, le Saint Germain, une ambiance chaleureuse.<br \/>\nle deuxi\u00e8me mercredi de chaque mois de 19h30 \u00e0 22h30.<br \/>\n<span style=\"color: #555555;\">\u00a0Le Saint Germain<\/span><br style=\"color: #555555;\" \/> <span style=\"color: #555555;\">\u00a0 62 Rue du Bac\u00a0 \u00a0\u00a0\u00a0\u00a0\u00a0\u00a0\u00a0\u00a0\u00a0\u00a0\u00a0\u00a0<\/span><br style=\"color: #555555;\" \/> <span style=\"color: #555555;\">\u00a0 75007 PARIS<\/span><br style=\"color: #555555;\" \/> <span style=\"color: #555555;\">\u00a0 M\u00e9tro : Rue du Bac<\/span><\/td>\n<td><a title=\"Cafe IE\" href=\"http:\/\/groupes.iae-paris.org\/gene\/main.php?groupe_en_cours=400160\" target=\"_blank\" rel=\"noopener\"><strong><span style=\"text-decoration: underline; color: #ff6600;\">En savoir +<\/span><\/strong><\/a><\/td>\n<\/tr>\n<\/tbody>\n<\/table>\n<p>[\/span12] [\/row]<br \/>\n[row] [span12]<\/p>\n<h2 style=\"text-align: left;\">Programme des conf\u00e9rences et ateliers<\/h2>\n<table border=\"0\" width=\"600\" cellspacing=\"0\" cellpadding=\"0\" align=\"left\">\n<tbody>\n<tr>\n<td bgcolor=\"#000000\">\n<table id=\"table_border\" class=\"content aligncenter\" style=\"height: 660px;\" border=\"0\" width=\"600\" cellspacing=\"0\" cellpadding=\"0\" align=\"center\">\n<tbody>\n<tr class=\"content2\">\n<td valign=\"top\" bgcolor=\"#FCF7EF\" width=\"300\">\n<h3><strong>Conf\u00e9rences 2017<\/strong><\/h3>\n<h3 style=\"text-align: center;\"><strong><br \/>\nForum 104*<br \/>\n<\/strong>de 19h30 \u00e0 22h30<strong><br \/>\nIAE**<br \/>\n<\/strong>de 19h00 \u00e0 21h00\u00a0\u00a0\u00a0<strong>CONFIANCE EN SOI<\/strong><br \/>\nComment impulser la confiance autour de soi ?<\/h3>\n<p class=\"content\">8 d\u00e9cembre<\/p>\n<p class=\"content\">7 d\u00e9cembre<\/p>\n<h3 style=\"text-align: center;\"><strong>VIVRE PLEINEMENT SA VIE<\/strong><br \/>\nTrouver ma zone d\u2019accomplissement maximale<\/h3>\n<p class=\"content\">9 f\u00e9vrier<\/p>\n<p class=\"content\">26 janvier<\/p>\n<h3 style=\"text-align: center;\"><strong>L&rsquo;EXCELLENCE DU COACHING<\/strong><br \/>\nQuelle est la valeur ajout\u00e9e du coaching ?<\/h3>\n<p class=\"content\">6 avril<\/p>\n<p class=\"content\">9 mars<\/p>\n<h3 style=\"text-align: center;\"><strong>BUSINESS ET ENTREPRISE LIBEREE<\/strong><br \/>\nDes salari\u00e9s autonomes, cr\u00e9atifs et motiv\u00e9s<\/h3>\n<p class=\"content\">4 mai<\/p>\n<p class=\"content\">18 mai<\/p>\n<h3 style=\"text-align: center;\"><strong>STIMULER SA CREATIVITE EMOTIONNELLE<br \/>\n<\/strong>Enjeux \u00e9motionnels dans notre cr\u00e9ativit\u00e9<\/h3>\n<p class=\"content\">8 juin<\/p>\n<p class=\"content\">22 juin<\/p>\n<h3 style=\"text-align: center;\"><b>IE ET THERAPIE\u00a0SYSTEMIQUE<\/b><br \/>\nAcc\u00e9l\u00e9rer sa th\u00e9rapie ?29 juin13 juillet<\/h3>\n<\/td>\n<td align=\"center\" valign=\"middle\" bgcolor=\"#FCF7EF\" width=\"150\"><\/td>\n<td align=\"center\" valign=\"middle\" bgcolor=\"#ebebeb\" width=\"150\"><\/td>\n<\/tr>\n<tr>\n<td valign=\"top\" bgcolor=\"#FCF7EF\"><\/td>\n<td valign=\"middle\" bgcolor=\"#FCF7EF\"><\/td>\n<td valign=\"middle\" bgcolor=\"#ebebeb\"><\/td>\n<\/tr>\n<\/tbody>\n<\/table>\n<\/td>\n<\/tr>\n<\/tbody>\n<\/table>\n<h2 style=\"text-align: center;\"><\/h2>\n<h1><\/h1>\n<h1><\/h1>\n<h1><\/h1>\n<h1><\/h1>\n<h1><\/h1>\n<h1><\/h1>\n<h1><\/h1>\n<h1><\/h1>\n<h1><\/h1>\n<h1>\u00a0<span style=\"font-size: 14px; color: #808080;\"><strong>[\/span12] [\/row]<br \/>\n[row] [span12]<\/strong><\/span><\/h1>\n<h1><\/h1>\n<h1><strong>1. CONFIANCE EN SOI<\/strong><\/h1>\n<p><span style=\"font-size: 16px; color: #808080;\">Quels sont les ressorts de l\u2019estime de soi\u00a0? Comment amplifier votre confiance\u00a0? Comment vous servir de vos \u00e9motions pour \u00eatre pleinement vous-m\u00eame ? Comment impulser la confiance autour de vous\u00a0?<\/span><\/p>\n<p><span style=\"font-size: 16px; color: #808080;\">Appuyez-vous sur les pratiques de l\u2019Ecole Syst\u00e9mique de l\u2019Intelligence \u00e9motionnelle pour exprimer le meilleur de vous.<\/span><\/p>\n<p><span style=\"font-size: 16px; color: #808080;\">Pour vous construire une vie \u00e0 laquelle vous aspirez et suivre ce qui vous anime.<\/span><\/p>\n<p><span style=\"font-size: 16px; color: #808080;\">Fondateur de l\u2019ESIE depuis 13 ans et Certifi\u00e9 aux mod\u00e8les th\u00e9rapeutiques am\u00e9ricains les plus r\u00e9cents, Gilles Corcos vous permettra de mettre en pratique ces exercices, de vous lib\u00e9rer des sch\u00e9mas limitants et de laisser s\u2019exprimer votre authenticit\u00e9.<\/span><\/p>\n<div><\/div>\n<p>&nbsp;<\/p>\n<h1 style=\"text-align: justify;\"><strong>2. VIVRE PLEINEMENT SA VIE\u00a0<\/strong><\/h1>\n<p><span style=\"color: #808080; font-size: 16px;\">Regarder mes \u00e9motions en face est une chose essentielle. Etre confiant et s\u2019affirmer l\u2019est aussi. Ces aptitudes ne sont-elles pas au service de quelque chose de plus grand que moi\u00a0? Autrement dit, pour quoi ma\u00eetriser mes \u00e9motions, \u00eatre confiant et m&rsquo;affirmer ? Quelle est mon intention profonde ? Qu\u2019est-ce que j\u2019aimerais apporter aux autres ? Comment d\u00e9couvrir ce qui est unique en moi et que personne d&rsquo;autre ne pourrait r\u00e9aliser comme je le ferais\u00a0?<\/span><\/p>\n<p><span style=\"color: #808080; font-size: 16px;\">Pionnier en Intelligence \u00c9motionnelle, Gilles Corcos s\u2019est engag\u00e9 en 2004 dans une d\u00e9marche p\u00e9dagogique d\u2019acquisition des comp\u00e9tences \u00e9motionnelles. Etre soi-m\u00eame est au centre de son cheminement, de son questionnement. Il s\u2019aper\u00e7oit que cette exploration est infinie et qu\u2019\u00e0 chaque \u00e9tape de croissance, l\u2019individu trouve sa vocation.<\/span><\/p>\n<p>&nbsp;<\/p>\n<h1><strong>3. L&rsquo;EXCELLENCE DU COACHING<\/strong><\/h1>\n<p><span style=\"font-size: 16px; color: #808080;\">Que signifie \u00eatre Coach IE ? En quoi cette posture apporte une valeur ajout\u00e9 ? Qu\u2019est-ce qui lui est sp\u00e9cifique ? Est-ce la ma\u00eetrise des \u00e9motions ? La d\u00e9couverte de ses motivations ? D\u2019\u00eatre dans un cheminement continu ? <\/span><span style=\"font-size: 16px; color: #808080;\">\u00a0Une \u00e9galit\u00e9 intrins\u00e8que entre le coach \u00a0et son client ?<\/span><\/p>\n<p><span style=\"font-size: 16px; color: #808080;\">Le coach IE accompagne une personne dans toute sa richesse, d\u00e9couvre son potentiel, d\u2019une mani\u00e8re qui cherche constamment \u00e0 int\u00e9grer l\u2019unicit\u00e9 de son client.<\/span><\/p>\n<p><span style=\"font-size: 16px; color: #808080;\">Cette posture accompagne la relation entre deux ou plusieurs personnes, en couple, en tant qu\u2019associ\u00e9s\u2026 en \u00e9quipe.<\/span><\/p>\n<p><span style=\"font-size: 16px; color: #808080;\">Un regard \u00e0 360\u00b0 qui trouve un \u00e9quilibre entre Th\u00e9rapie \u00e9motionnelle au D\u00e9veloppement\u00a0de son individualit\u00e9.<\/span><\/p>\n<p><span style=\"font-size: 16px; color: #808080;\">L\u2019ESIE, depuis bient\u00f4t 20 ans, invente la p\u00e9dagogie \u00ab\u00a0lib\u00e9r\u00e9e\u00a0\u00bb. Superviseur de coaches depuis 2005, Gilles aime transmettre et partager son exp\u00e9rience avec authenticit\u00e9.<\/span><\/p>\n<p>&nbsp;<\/p>\n<h1><strong>4. BUSINESS ET ENTREPRISE LIBEREE<\/strong><\/h1>\n<p><span style=\"font-size: 16px; color: #808080;\">Etre un leader n\u2019a plus la m\u00eame signification aujourd\u2019hui.<\/span><\/p>\n<p><span style=\"font-size: 16px; color: #808080;\">Influencer \u00e0 partir de ce qui vous passionne, de ce qui vous inspire est une forme respectueuse et puissante de partager, de montrer une direction, de r\u00e9aliser un r\u00eave collectif. L\u2019exemple des managers qui ont d\u00e9velopp\u00e9 leurs comp\u00e9tences \u00e9motionnelles vient le confirmer.<\/span><\/p>\n<p><span style=\"font-size: 16px; color: #808080;\">Une entreprise libre est port\u00e9 par des salari\u00e9s autonomes, cr\u00e9atifs et motiv\u00e9s. A une \u00e9poque o\u00f9 les burn out et les burn in se multiplient, c\u2019est aussi la meilleure pr\u00e9vention des risques \u00e9motionnels et de ses cons\u00e9quences financi\u00e8res et sociales.<\/span><\/p>\n<p><span style=\"font-size: 16px; color: #808080;\">Une entreprise sans hi\u00e9rarchie, sans jeu de pouvoir. C\u2019est possible et Gilles parlera ces cas d\u2019excellence.<\/span><\/p>\n<p><span style=\"font-size: 16px; color: #808080;\">Apr\u00e8s avoir accompagn\u00e9 des \u00e9quipes de projet et conseill\u00e9 de nombreux directeurs de projets pendant 10 ans, il explore de nouvelles mani\u00e8res de manager et d\u2019organiser le travail qui permettent efficacit\u00e9 et motivation des individus.<\/span><\/p>\n<p>&nbsp;<\/p>\n<h1><strong>5. STIMULER SA \u00ab\u00a0CR<\/strong><strong>\u00c9<\/strong><strong>ATIVIT<\/strong><strong>\u00c9\u00a0<\/strong><strong>\u00c9MOTIONNELLE\u00a0\u00bb<\/strong><\/h1>\n<p><span style=\"font-size: 16px; color: #808080;\">Vous croyez que la cr\u00e9ativit\u00e9 est un don ? Notre exp\u00e9rience montre que des freins \u00e9motionnels limitent notre capacit\u00e9 cr\u00e9ative. S\u2019ils disparaissent votre cr\u00e9ativit\u00e9 se lib\u00e8re.<\/span><\/p>\n<p><span style=\"font-size: 16px; color: #808080;\">Il devient possible de cr\u00e9er son activit\u00e9, son service, pour r\u00e9pondre \u00e0 ses inspirations et de cr\u00e9er les \u00e9motions qui leurs sont n\u00e9cessaires.<\/span><\/p>\n<p><span style=\"font-size: 16px; color: #808080;\">Se recr\u00e9er tous les jours est un autre challenge. Il signifie choisir la vie qui vous inspire, les gens qui vous inspirent, l\u2019environnement de travail qui vous inspire\u2026<\/span><\/p>\n<p><span style=\"font-size: 16px; color: #808080;\">Shakespeare aurait dit \u00ab\u00a0Devenir ou ne pas devenir telle est la question\u00a0\u00bb. <span style=\"color: #999999;\"><span style=\"color: #808080;\">E<\/span><\/span>tre cr\u00e9atif c\u2019est devenir. L\u2019\u00e9volution s\u2019acc\u00e9l\u00e8re, vivre vous invite \u00e0 acc\u00e9l\u00e9rer votre propre \u00e9volution.<\/span><\/p>\n<p><span style=\"color: #808080; font-size: 16px;\">Convaincu que l\u2019exp\u00e9rience est le facteur cl\u00e9 de la croissance, il a \u00e9tudi\u00e9 les Arts Plastiques pour comprendre comment l\u2019art engendrait la cr\u00e9ation de soi, \u00e0 travers\u00a0 son m\u00e9moire en philosophie de l\u2019art intitul\u00e9 : \u00ab De la cr\u00e9ation de l\u2019oeuvre \u00e0 la cr\u00e9ation de soi\u00a0\u00bb.<\/span><\/p>\n<p>&nbsp;<\/p>\n<h1><span style=\"color: #595959;\"><strong>6. IE et TH\u00c9RAPIE\u00a0<\/strong><b>SYST\u00c9MIQUE<\/b><\/span><\/h1>\n<p><span style=\"font-size: 16px; color: #808080;\">Qu\u2019est-ce qui acc\u00e9l\u00e8re une th\u00e9rapie individuelle et de couple ? Au del\u00e0 des courants th\u00e9rapeutiques, quels crit\u00e8res permettent de mesurer l\u2019\u00e9volution d\u2019une th\u00e9rapie ?<\/span><\/p>\n<p><span style=\"font-size: 16px; color: #808080;\">La th\u00e9rapie est orient\u00e9e sur l\u2019observation de nos \u00e9motions, et le coaching est orient\u00e9 sur la manifestation de l\u2019intention. Les deux permettent une vie \u00e9quilibr\u00e9e.<\/span><\/p>\n<p><span style=\"font-size: 16px; color: #808080;\">De la relation sociale \u00e0 la relation sexuelle, la th\u00e9rapie syst\u00e9mique permet \u00e0 chacun de vivre pleinement ses relations.<\/span><\/p>\n<p><span style=\"font-size: 16px; color: #808080;\">Qu\u2019est-ce qui fait qu\u2019une th\u00e9rapie de couple dure un an ou 10 ans ? Quand aborder une th\u00e9rapie de couple ? Comment \u00eatre acteur de sa th\u00e9rapie de couple ?<\/span><\/p>\n<p><span style=\"font-size: 16px; color: #808080;\">Certifi\u00e9 \u00e0 un des plus r\u00e9cents Mod\u00e8les th\u00e9rapeutiques de couple am\u00e9ricain IFIO, Gilles partagera sa double exp\u00e9rience th\u00e9rapeutique.<\/span><\/p>\n<p>&nbsp;<\/p>\n","protected":false},"excerpt":{"rendered":"<p>L&rsquo;intelligence aura-t-elle la m\u00eame signification dans les prochaines d\u00e9cennies ? Notre QI a d\u00e9j\u00e0 \u00e9t\u00e9 devanc\u00e9 par le QE pour les cabinets de recrutement am\u00e9ricains. Les neurosciences red\u00e9finissent la carte dynamique de notre cerveau et des intelligences associ\u00e9es \u00e0 nos d\u00e9cisions, \u00e0 nos actes et \u00e0 nos communications. A travers ces conf\u00e9rences, l&rsquo;\u00e9cole tentera d&rsquo;expliquer [&hellip;]<\/p>\n","protected":false},"author":1,"featured_media":0,"parent":0,"menu_order":0,"comment_status":"open","ping_status":"open","template":"","meta":[],"_links":{"self":[{"href":"https:\/\/www.odysseemotion.com\/web\/wp-json\/wp\/v2\/pages\/2210"}],"collection":[{"href":"https:\/\/www.odysseemotion.com\/web\/wp-json\/wp\/v2\/pages"}],"about":[{"href":"https:\/\/www.odysseemotion.com\/web\/wp-json\/wp\/v2\/types\/page"}],"author":[{"embeddable":true,"href":"https:\/\/www.odysseemotion.com\/web\/wp-json\/wp\/v2\/users\/1"}],"replies":[{"embeddable":true,"href":"https:\/\/www.odysseemotion.com\/web\/wp-json\/wp\/v2\/comments?post=2210"}],"version-history":[{"count":1,"href":"https:\/\/www.odysseemotion.com\/web\/wp-json\/wp\/v2\/pages\/2210\/revisions"}],"predecessor-version":[{"id":4671,"href":"https:\/\/www.odysseemotion.com\/web\/wp-json\/wp\/v2\/pages\/2210\/revisions\/4671"}],"wp:attachment":[{"href":"https:\/\/www.odysseemotion.com\/web\/wp-json\/wp\/v2\/media?parent=2210"}],"curies":[{"name":"wp","href":"https:\/\/api.w.org\/{rel}","templated":true}]}}