{"id":2098,"date":"2014-04-23T16:50:35","date_gmt":"2014-04-23T15:50:35","guid":{"rendered":"http:\/\/www.odysseemotion.com\/web\/?page_id=2098"},"modified":"2017-01-22T02:03:35","modified_gmt":"2017-01-22T01:03:35","slug":"formations","status":"publish","type":"page","link":"https:\/\/www.odysseemotion.com\/web\/formations\/","title":{"rendered":"Formations"},"content":{"rendered":"<h1 style=\"text-align: center;\">Calendrier 2017 &#8211; Ecole Syst\u00e9mique Intelligence Emotionnelle<\/h1>\n<p style=\"text-align: right;\"><strong>T\u00e9l\u00e9chargez :\u00a0<a href=\"https:\/\/www.odysseemotion.com\/web\/wp-content\/uploads\/2017\/01\/Calendrier-et-Tarifs-Formations-2017-1.pdf\">Calendrier et Tarifs Formations 2017\u00a0<\/a><\/strong><\/p>\n<table id=\"table_border\" border=\"0\" width=\"80%\" align=\"center\">\n<tbody>\n<tr>\n<td style=\"background-color: #ebebeb; line-height: 30px; height: 30px; color: #50a463; text-align: center;\" width=\"200\"><strong>Activit\u00e9s<\/strong><\/td>\n<td style=\"background-color: #ebebeb; line-height: 30px; height: 30px; color: #50a463; text-align: center;\" width=\"200\"><strong>Dates<br \/>\nen semaine<\/strong><\/td>\n<td style=\"background-color: #ebebeb; line-height: 30px; height: 30px; color: #50a463; text-align: center;\" width=\"200\"><strong>Dates week-end<\/strong><\/td>\n<\/tr>\n<tr>\n<td width=\"200\"><strong>Soir\u00e9e IE : 19h30 \u00e0 22h30<\/strong><strong><br \/>\n<\/strong><strong>Exp\u00e9rimenter et vivre votre IE<br \/>\n<\/strong>Dur\u00e9e 3h00<br \/>\n<strong>Tarif le jour m\u00eame\u00a0: 97\u20ac<\/strong><br \/>\n<strong>Tarif inscrit\u00a0: 27\u20ac \/<\/strong><br \/>\n<span style=\"color: #333333;\"><strong>Tarif inscrit\u00a0: 17\u20ac (\u00e0 partir de 2 pers.)<\/strong><\/span><\/td>\n<td width=\"200\">&nbsp;<\/p>\n<p><strong>9 f\u00e9vrier,\u00a06 avril<\/strong><br \/>\n<strong> 4 mai, 1 juin, 29 juin<\/strong><\/p>\n<p><strong>7 septembre,<\/strong><br \/>\n<strong> 9 novembre, 7 d\u00e9cembre<\/strong><\/td>\n<td style=\"background-color: #ebebeb;\" width=\"200\"><\/td>\n<\/tr>\n<tr>\n<td colspan=\"3\"><\/td>\n<\/tr>\n<tr>\n<td width=\"200\"><strong>I. Fondamentaux de l\u2019IE\u00a0:<br \/>\n<\/strong>Dur\u00e9e\u00a0: 3 jours \u2013 21h<br \/>\n<strong>Tarifs : <\/strong><br \/>\n<strong>Entreprise : 1500\u20ac HT\/<\/strong><br \/>\n<strong>Ind\u00e9pendant : 770\u20ac HT \/ <span style=\"color: #333333;\">600\u20ac HT*<\/span> \/<\/strong><br \/>\n<strong>Individuel : 770\u20ac \/ <span style=\"color: #333333;\">600\u20ac *<\/span><\/strong><br \/>\n<strong>*si inscription ferme 2 mois avant<\/strong><\/td>\n<td width=\"200\"><strong>23-24-30 janvier<\/strong><br \/>\n<strong>9-10-13 mars<\/strong><br \/>\n<strong>12-13-19 juin<\/strong><br \/>\n<strong>19-20-23 octobre<\/strong><\/td>\n<td style=\"background-color: #ebebeb;\" width=\"200\"><strong>26-27-28 ao\u00fbt \u00a0<\/strong><br \/>\n<strong>9-10-11 d\u00e9cembre\u00a0<\/strong><\/td>\n<\/tr>\n<tr>\n<td width=\"200\"><strong>II. Praticien SIE\u00a0: Certifi\u00e9<br \/>\n<\/strong>Dur\u00e9e\u00a0: 6 jours \u2013 42h<br \/>\nTarifs :<br \/>\n<strong>Entreprise\u00a0: 3400\u20ac HT \/<\/strong><br \/>\n<strong>Ind\u00e9pendant\u00a0: 1770\u20ac HT \/<\/strong><br \/>\n<strong>Individuel\u00a0:\u00a0\u00a0\u00a0 1770\u20ac\u00a0<\/strong><\/td>\n<td width=\"200\">\n<p class=\"Default\"><a name=\"OLE_LINK19\"><\/a><a name=\"OLE_LINK18\"><\/a><a name=\"OLE_LINK8\"><\/a><a name=\"OLE_LINK7\"><\/a><span style=\"font-size: 8.0pt; color: #595959;\"><strong>23-24 f\u00e9vrier,<\/strong><br \/>\n<strong> 6-7 mars,<\/strong><br \/>\n<strong> 23-24 mars,<\/strong><\/span><\/p>\n<p class=\"Default\"><strong><span style=\"font-size: 8.0pt; color: #595959;\">28-29 septembre,<br \/>\n<\/span>12-13 et 26-27 oct.<\/strong><\/p>\n<\/td>\n<td style=\"background-color: #ebebeb;\" width=\"200\"><\/td>\n<\/tr>\n<tr>\n<td width=\"200\"><strong>III. Coach SIE\u00a0: Certifi\u00e9<br \/>\n<\/strong>Dur\u00e9e\u00a0: 11 jours \u2013 77h<br \/>\nTarifs :<br \/>\n<strong>Entreprise\u00a0: 6200\u20ac HT \/<\/strong><br \/>\n<strong>Ind\u00e9pendant\u00a0: 3470\u20ac HT \/<\/strong><br \/>\n<strong>Individuel\u00a0:\u00a0\u00a0 3470\u20ac<\/strong><\/td>\n<td width=\"200\"><strong>Promotion 2017<br \/>\nSession 1\u00a0: 11-12 mai,<br \/>\nSession 2\u00a0: 21-22-23 juin,<br \/>\nSession 3\u00a0:\u00a013-14-15 sept.,<br \/>\nSession 4\u00a0: 23-24 novembre,<br \/>\n<strong>Certification\u00a0: 19\u00a0janvier 2018\u00a0<\/strong>\u00a0<\/strong><\/td>\n<td style=\"background-color: #ebebeb;\" width=\"200\"><strong><em>Promotion 2018<br \/>\n<\/em><em>26-27 avril<br \/>\n<\/em><em>20-21-22 juin,<br \/>\n<\/em><em>12-13-14 septembre<br \/>\n<\/em><em>15-16 novembre<br \/>\n<\/em><em>11 janvier 2019<\/em><\/strong><\/td>\n<\/tr>\n<tr>\n<td width=\"200\"><strong>Cycle du Coach SIE (I+II+III)<br \/>\n<\/strong><strong><em>Cycle de formation complet<br \/>\n<\/em><\/strong><strong>Dur\u00e9e\u00a0: 20 jours<\/strong><strong> \u2013 140h<br \/>\n<\/strong><strong>Tarifs :<br \/>\n<\/strong><strong>Entreprise\u00a0: <\/strong><strong>8700\u20ac HT \/<br \/>\n<\/strong><strong>Ind\u00e9pendant\u00a0: 5200\u20ac HT \/<br \/>\nIndividuel\u00a0: 5200\u20ac<\/strong><\/td>\n<td width=\"200\"><strong>Modules\u00a0: <\/strong><br \/>\n<strong>Fondamentaux, Praticien et Coach IE<\/strong><br \/>\n<strong> + 3 Coaching individuels<\/strong><\/td>\n<td style=\"background-color: #ebebeb;\" width=\"200\"><strong>Cf. dates ci-dessus<\/strong><\/td>\n<\/tr>\n<tr>\n<td width=\"200\"><strong>Supervision mensuelle IE<br \/>\n<\/strong>Dur\u00e9e : 10 s\u00e9ances de 9h \u00e0 13h<br \/>\nTarifs :<br \/>\n<strong>Entreprise : 3200\u20ac HT \/<br \/>\nInd\u00e9pendant : 1870\u20ac HT \/ 1770\u20ac HT*<br \/>\nIndividuel : 1 870\u20ac \/ 1770\u20ac*<br \/>\n* si inscription ferme 2 mois avant<\/strong><\/td>\n<td width=\"200\"><\/td>\n<td style=\"background-color: #ebebeb;\" width=\"200\"><strong>28 janvier, 25 f\u00e9vrier,<br \/>\n25 mars, 22 avril,<br \/>\n27 mai, 24 juin,<br \/>\n<\/strong><strong>(8 juillet),<br \/>\n<\/strong><strong>23 septembre, 28 octobre,<br \/>\n25 novembre, 16 d\u00e9cembre 2017,<\/strong><\/td>\n<\/tr>\n<tr>\n<td colspan=\"3\"><\/td>\n<\/tr>\n<tr>\n<td><strong>Ressourcement annuel IE<br \/>\n<\/strong>Dur\u00e9e : 8h de 9h \u00e0 18h<br \/>\nTarifs :<br \/>\n<strong>Entreprise : 400\u20ac HT \/<br \/>\nInd\u00e9pendant : 260\u20ac HT \/ 187\u20ac HT*<br \/>\nIndividuel : 260\u20ac \/ 187\u20ac *<br \/>\n* Si inscription ferme 2 mois avant<\/strong><\/td>\n<td><strong>Vendredi 16 juin 2017<\/strong><\/p>\n<p><strong>Vendredi 15 juin 2018<\/strong><\/td>\n<td style=\"background-color: #ebebeb;\"><\/td>\n<\/tr>\n<tr>\n<td><strong>Journ\u00e9es IE :<br \/>\n<\/strong>Dur\u00e9e\u00a0: 7h, de 9h \u00e0 17h Tarifs :<br \/>\n<strong>Entreprise : 470\u20ac HT \/<\/strong><br \/>\n<strong>Ind\u00e9pendant : 240\u20ac HT \/ 170\u20ac HT*<\/strong><br \/>\n<strong>Individuel : 240\u20ac\u00a0\/ 170\u20ac HT*<br \/>\n* Si inscription ferme 2 mois avant ou, 2 pers ou plus<br \/>\n<\/strong><strong>&#8211;\u00a0Confiance en soi<br \/>\n&#8211;\u00a0Se r\u00e9aliser dans sa vie<br \/>\n<\/strong><strong>&#8211;\u00a0L&rsquo;excellence du coaching<br \/>\n<\/strong><strong>&#8211;\u00a0Business &amp; \u00ab\u00a0Entreprises lib\u00e9r\u00e9es\u00a0\u00bb<br \/>\n&#8211; Stimuler sa cr\u00e9ativit\u00e9 \u00e9motionnelle<br \/>\n&#8211;\u00a0IE &amp; Th\u00e9rapie Syst\u00e9mique<\/strong><\/td>\n<td colspan=\"2\">&nbsp;<\/p>\n<p>&nbsp;<\/p>\n<p>&nbsp;<\/p>\n<p>&nbsp;<\/p>\n<p>&nbsp;<\/p>\n<p><strong>Vendredi \u00a030 d\u00e9cembre<br \/>\n<\/strong><strong>Vendredi\u00a010 f\u00e9vrier<br \/>\n<\/strong><strong>Vendredi 21 avril<br \/>\n<\/strong><strong>Samedi 1\u00a0juillet<br \/>\nLundi 18 septembre<br \/>\n<\/strong><strong>Vendredi 17 novembre<\/strong><\/p>\n<p><strong><br \/>\n<\/strong><\/td>\n<\/tr>\n<\/tbody>\n<\/table>\n<p>&nbsp;<\/p>\n<h1 class=\"titresmilieu\">Parcours SIE Ecole Syst\u00e9mique de l&rsquo;Intelligence Emotionnelle<\/h1>\n<h2 class=\"titres\">PARCOURS SIE : les formations certifiantes<\/h2>\n<p align=\"justify\">Les individus, les entreprises, les institutions peuvent se laisser d\u00e9passer par les acc\u00e9l\u00e9rations de l&rsquo;\u00e9volution de nos soci\u00e9t\u00e9s. L&rsquo;expression \u00ab Deux intelligences valent mieux qu&rsquo;une \u00bb signifie que t\u00f4t o\u00f9 tard, nous serons incit\u00e9s \u00e0 nous servir de nouvelles formes d&rsquo;intelligence pour faire face aux changements rapides que nous vivons et pour nous adapter, ou mieux anticiper, voire cr\u00e9er les conditions nouvelles pour r\u00e9pondre au monde de demain. Toute forme d&rsquo;intelligence a besoin d&rsquo;\u00eatre entrain\u00e9e, comme les neurosciences le confirment ces derni\u00e8res d\u00e9cennies. Vivre ensemble, partager nos ressources, travailler en intelligence de situation nous demande d&rsquo;\u00e9largir nos comp\u00e9tences m\u00e9tiers aux comp\u00e9tences \u00e9motionnelles. Pour cela, il nous faudra commencer par revisiter nos mod\u00e8les du monde, nos syst\u00e8mes de croyances, nos paradigmes pour ne pas passer \u00e0 c\u00f4t\u00e9 du niveau de complexit\u00e9 que la vie atteint aujourd&rsquo;hui.<\/p>\n<h2 class=\"titres\" align=\"justify\">Les objectifs des formations SIE<\/h2>\n<p align=\"justify\">Les formations en SIE vous pr\u00e9parent \u00e0 une vie complexe et multiple, \u00e0 des relations multiculturelles et profondes, \u00e0 une posture orient\u00e9e sur le devenir. Ces comp\u00e9tences peuvent se mesurer en terme de savoir-\u00eatre et d&rsquo;efficacit\u00e9 professionnelle. Deux formations sont certifi\u00e9es : Acteur IE et Coach IE.<\/p>\n<h2 class=\"titres\" align=\"justify\">Les \u00e9tapes du parcours SIE<\/h2>\n<p align=\"justify\">Ces \u00e9tapes abordent l&rsquo;exp\u00e9rience humaine selon diff\u00e9rents niveaux d&rsquo;abstraction, allant de l&rsquo;ext\u00e9riorit\u00e9 (environnement, comportements) vers l&rsquo;int\u00e9riorit\u00e9 (les capacit\u00e9s, les valeurs et croyances, identit\u00e9, vision) et selon diff\u00e9rents niveaux de changements.<\/p>\n<p><span class=\"H2\">Coach SIE : <\/span>d\u00e9veloppe des comp\u00e9tences d&rsquo;accompagnement individuel et collectif. <span class=\"H2\">Praticien SIE :<\/span> d\u00e9veloppe des comp\u00e9tences personnelles orient\u00e9es sur soi et relationnelles orient\u00e9es sur la relation entre soi et l&rsquo;autre. <span class=\"H2\">Fondamentaux SIE :<\/span> d\u00e9veloppe des comp\u00e9tences syst\u00e9miques orient\u00e9es nos mod\u00e8les de compr\u00e9hension de la vie.<\/p>\n<h1>L&rsquo;organisation du parcours certifiant SIE<\/h1>\n<table id=\"table_border\" border=\"0\" width=\"580\" cellspacing=\"1\" cellpadding=\"0\">\n<tbody>\n<tr>\n<td width=\"149\">\n<p align=\"center\"><strong><em>D\u00e9nomination<\/em><\/strong><\/p>\n<\/td>\n<td width=\"142\">\n<p align=\"center\"><strong><em>Dur\u00e9e<\/em><\/strong><\/p>\n<\/td>\n<td width=\"189\">\n<p align=\"center\"><strong><em>Rythme<\/em><\/strong><\/p>\n<\/td>\n<td width=\"142\">\n<p align=\"center\"><strong><em>Certification*<\/em><\/strong><\/p>\n<\/td>\n<\/tr>\n<tr>\n<td width=\"149\"><a title=\"FONDAMENTAUX de l\u2019IE\" href=\"https:\/\/www.odysseemotion.com\/web\/fondamentaux-de-lie-2\/\"><strong>Fondamentaux SIE<\/strong><\/a><\/td>\n<td bgcolor=\"#FFFFFF\" width=\"142\">3 jours<\/td>\n<td bgcolor=\"#FFFFFF\" width=\"189\">2 jours + 1 jour ou 3 jours<\/td>\n<td bgcolor=\"#FFFFFF\" width=\"142\">Non<\/td>\n<\/tr>\n<tr>\n<td width=\"149\"><a title=\"PRATICIEN IE\" href=\"https:\/\/www.odysseemotion.com\/web\/praticien-ie\/\"><strong>Praticien SIE<\/strong><\/a><\/td>\n<td bgcolor=\"#FFFFFF\" width=\"142\">6 jours +\u00a0Intersessions<\/td>\n<td bgcolor=\"#FFFFFF\" width=\"189\">\u00a02 jours x 3<\/td>\n<td bgcolor=\"#FFFFFF\" width=\"142\">Oui\u00a0: Praticien SIE<\/td>\n<\/tr>\n<tr>\n<td width=\"149\"><a title=\"COACH IE\" href=\"https:\/\/www.odysseemotion.com\/web\/coach-ie\/\"><strong>Coach SIE<\/strong><\/a><\/td>\n<td bgcolor=\"#FFFFFF\" width=\"142\">11 jours +\u00a0Intersessions &amp; Supervisions<\/td>\n<td bgcolor=\"#FFFFFF\" width=\"189\">\u00a02 jours x 2 + 3 jours x 2 + 1 jour<\/td>\n<td bgcolor=\"#FFFFFF\" width=\"142\">Oui : Coach SIE<\/td>\n<\/tr>\n<\/tbody>\n<\/table>\n<p><em>* Seuls les titres de Praticien SIE, Coach SIE et bient\u00f4t Formateur\u00a0SIE font l&rsquo;objet d&rsquo;une certification. <\/em><\/p>\n<h3><\/h3>\n<h3>D\u00e9couvrez aussi :<\/h3>\n<p><a href=\"https:\/\/www.odysseemotion.com\/web\/conference\/\">Les Conf\u00e9rences<\/a><\/p>\n","protected":false},"excerpt":{"rendered":"<p>Calendrier 2017 &#8211; Ecole Syst\u00e9mique Intelligence Emotionnelle T\u00e9l\u00e9chargez :\u00a0Calendrier et Tarifs Formations 2017\u00a0 Activit\u00e9s Dates en semaine Dates week-end Soir\u00e9e IE : 19h30 \u00e0 22h30 Exp\u00e9rimenter et vivre votre IE Dur\u00e9e 3h00 Tarif le jour m\u00eame\u00a0: 97\u20ac Tarif inscrit\u00a0: 27\u20ac \/ Tarif inscrit\u00a0: 17\u20ac (\u00e0 partir de 2 pers.) &nbsp; 9 f\u00e9vrier,\u00a06 avril 4 mai, [&hellip;]<\/p>\n","protected":false},"author":1,"featured_media":0,"parent":0,"menu_order":0,"comment_status":"open","ping_status":"open","template":"","meta":[],"_links":{"self":[{"href":"https:\/\/www.odysseemotion.com\/web\/wp-json\/wp\/v2\/pages\/2098"}],"collection":[{"href":"https:\/\/www.odysseemotion.com\/web\/wp-json\/wp\/v2\/pages"}],"about":[{"href":"https:\/\/www.odysseemotion.com\/web\/wp-json\/wp\/v2\/types\/page"}],"author":[{"embeddable":true,"href":"https:\/\/www.odysseemotion.com\/web\/wp-json\/wp\/v2\/users\/1"}],"replies":[{"embeddable":true,"href":"https:\/\/www.odysseemotion.com\/web\/wp-json\/wp\/v2\/comments?post=2098"}],"version-history":[{"count":0,"href":"https:\/\/www.odysseemotion.com\/web\/wp-json\/wp\/v2\/pages\/2098\/revisions"}],"wp:attachment":[{"href":"https:\/\/www.odysseemotion.com\/web\/wp-json\/wp\/v2\/media?parent=2098"}],"curies":[{"name":"wp","href":"https:\/\/api.w.org\/{rel}","templated":true}]}}